{"id":1252,"date":"2016-04-26T16:22:55","date_gmt":"2016-04-26T21:22:55","guid":{"rendered":"https:\/\/divcsh.izt.uam.mx\/depto_antropologia\/?page_id=1252"},"modified":"2025-02-21T12:25:33","modified_gmt":"2025-02-21T18:25:33","slug":"dra-ana-paula-de-teresa-ochoa","status":"publish","type":"page","link":"https:\/\/divcsh.izt.uam.mx\/depto_antropologia\/?page_id=1252","title":{"rendered":"Dra. Ana Paula de Teresa Ochoa"},"content":{"rendered":"\t\t<div data-elementor-type=\"wp-page\" data-elementor-id=\"1252\" class=\"elementor elementor-1252\" data-elementor-post-type=\"page\">\n\t\t\t\t\t\t<section class=\"elementor-section elementor-top-section elementor-element elementor-element-7c5a625 elementor-section-boxed elementor-section-height-default elementor-section-height-default\" data-id=\"7c5a625\" data-element_type=\"section\" data-e-type=\"section\">\n\t\t\t\t\t\t<div class=\"elementor-container elementor-column-gap-default\">\n\t\t\t\t\t<div class=\"elementor-column elementor-col-100 elementor-top-column elementor-element elementor-element-e72e5c0\" data-id=\"e72e5c0\" data-element_type=\"column\" data-e-type=\"column\">\n\t\t\t<div class=\"elementor-widget-wrap elementor-element-populated\">\n\t\t\t\t\t\t<div class=\"elementor-element elementor-element-6771e90 elementor-position-top elementor-widget elementor-widget-image-box\" data-id=\"6771e90\" data-element_type=\"widget\" data-e-type=\"widget\" data-widget_type=\"image-box.default\">\n\t\t\t\t<div class=\"elementor-widget-container\">\n\t\t\t\t\t<div class=\"elementor-image-box-wrapper\"><figure class=\"elementor-image-box-img\"><img fetchpriority=\"high\" decoding=\"async\" width=\"1125\" height=\"1500\" src=\"https:\/\/divcsh.izt.uam.mx\/depto_antropologia\/wp-content\/uploads\/2019\/07\/Ana-Paula-de-Teresa-1.jpg\" class=\"attachment-full size-full wp-image-2702\" alt=\"\" srcset=\"https:\/\/divcsh.izt.uam.mx\/depto_antropologia\/wp-content\/uploads\/2019\/07\/Ana-Paula-de-Teresa-1.jpg 1125w, https:\/\/divcsh.izt.uam.mx\/depto_antropologia\/wp-content\/uploads\/2019\/07\/Ana-Paula-de-Teresa-1-225x300.jpg 225w, https:\/\/divcsh.izt.uam.mx\/depto_antropologia\/wp-content\/uploads\/2019\/07\/Ana-Paula-de-Teresa-1-768x1024.jpg 768w\" sizes=\"(max-width: 1125px) 100vw, 1125px\" \/><\/figure><\/div>\t\t\t\t<\/div>\n\t\t\t\t<\/div>\n\t\t\t\t\t<\/div>\n\t\t<\/div>\n\t\t\t\t\t<\/div>\n\t\t<\/section>\n\t\t\t\t<section class=\"elementor-section elementor-top-section elementor-element elementor-element-38e13ca elementor-section-boxed elementor-section-height-default elementor-section-height-default\" data-id=\"38e13ca\" data-element_type=\"section\" data-e-type=\"section\">\n\t\t\t\t\t\t<div class=\"elementor-container elementor-column-gap-default\">\n\t\t\t\t\t<div class=\"elementor-column elementor-col-100 elementor-top-column elementor-element elementor-element-01958d6\" data-id=\"01958d6\" data-element_type=\"column\" data-e-type=\"column\">\n\t\t\t<div class=\"elementor-widget-wrap elementor-element-populated\">\n\t\t\t\t\t\t<div class=\"elementor-element elementor-element-3e0dc71 elementor-widget elementor-widget-text-editor\" data-id=\"3e0dc71\" data-element_type=\"widget\" data-e-type=\"widget\" data-widget_type=\"text-editor.default\">\n\t\t\t\t<div class=\"elementor-widget-container\">\n\t\t\t\t\t\t\t\t\t<p class=\"p2\"><b>Dra. Ana Paula de Teresa Ochoa<\/b><\/p><p>Profesora Titular C, desde 1985.<\/p><p>Nivel SNII: 2<span class=\"Apple-converted-space\">\u00a0<\/span><\/p><p>ORCID: <a href=\"https:\/\/orcid.org\/0000-0001-5870-7103\">https:\/\/orcid.org\/0000-0001-5870-7103<\/a> <span class=\"Apple-converted-space\">\u00a0<\/span><\/p><p>Academia.edu <a href=\"https:\/\/independent.academia.edu\/deTeresa\">https:\/\/independent.academia.edu\/deTeresa<\/a><span class=\"Apple-converted-space\">\u00a0<\/span><\/p><p class=\"p2\">Estudios de Antropolog\u00eda en la Universidad Aut\u00f3noma Metropolitana (UAM-I) y doctorado en socio-econom\u00eda del desarrollo por la Universidad de Paris-I.\u00a0<\/p><p class=\"p2\"><strong>L\u00edneas de investigaci\u00f3n<\/strong>: Antropolog\u00eda econ\u00f3mica; Historia regional; Poblaci\u00f3n y recursos naturales; Estrategias de reproducci\u00f3n de las econom\u00edas campesinas. \u00daltimas publicaciones (2019-2023):<\/p><p><strong>Publicaciones destacadas<\/strong><\/p><p class=\"p3\"><b>Libros: <\/b><\/p><ul class=\"ul1\"><li class=\"li4\">P\u00e9rez Montfort, Ricardo y Ana Paula de Teresa (Coords.), 2019, <i>Cultura en venta. La raz\u00f3n cultural en el capitalismo contempor\u00e1neo<\/i>, Colecci\u00f3n DEBATE, Penguin Random House Grupo Editorial, M\u00e9xico, agosto 2019, 743 pp. ISBN 978-607-318-251-5.<\/li><li class=\"li4\">P\u00e9rez Montfort, Ricardo y Ana Paula de Teresa (Coords.), 2020, <i>Cultura en Venta 2. Claves de la raz\u00f3n cultural en el capitalismo contempor\u00e1neo<\/i>, Editorial Debate, Pengu\u00edn Random House, Grupo Editorial, M\u00e9xico, noviembre 2020: 300 pp. ISBN: 978-607-319-855-4.<\/li><\/ul><p class=\"p3\"><b>Cap\u00edtulos de libros:<\/b><\/p><ul class=\"ul1\"><li class=\"li4\">de Teresa, Ana Paula y Ricardo P\u00e9rez Montfort, \u00abDe la cultura mercantil a la definici\u00f3n de la cultura por el mercado. Algunas consideraciones te\u00f3ricas\u00bb en P\u00e9rez Montfort, Ricardo y Ana Paula de Teresa, <i>Cultura en venta. La raz\u00f3n cultural en el capitalismo contempor\u00e1neo<\/i>, Colecci\u00f3n DEBATE, Penguin Random House Grupo Editorial, M\u00e9xico, 2019, pp. 27-113. ISBN 978-607-318-251-5.<\/li><li class=\"li4\">Basabe, Claudio y Ana Paula de Teresa \u00abEl ecoturismo como estrategia de desarrollo rural en la regi\u00f3n chinanteca de Oaxaca. Tres estudios de caso en el municipio de Valle Nacional\u00bb en P\u00e9rez Montfort, Ricardo y Ana Paula de Teresa, <i>Cultura en venta. La raz\u00f3n cultural en el capitalismo contempor\u00e1neo<\/i>, Colecci\u00f3n DEBATE, Penguin Random House Grupo Editorial, M\u00e9xico, 2019, pp. 393-440 . ISBN 978-607-318-251-5.<\/li><li class=\"li4\">de Teresa, Ana Paula y Claudio Basabe, 2020, \u00abLa privatizaci\u00f3n de la tierra en Valle Nacional, Oaxaca\u00bb, Cap\u00edtulo VIII del libro colectivo editado por Torres-Mazuera, Gabriela y Kirsten Appendini. <i>La regulaci\u00f3n imposible. (i)legalidad e (i)legitimidad): mercado de tierras en ejidos y comunidades en Mexico al inicio del siglo XXI<\/i>, El Colegio de M\u00e9xico-CIESAS, ISBN: 978-607-564-192-8.<\/li><li class=\"li4\">de Teresa, Ana Paula, Karla Montes Ram\u00edrez y Marcos Garc\u00eda de Teresa, 2020, \u201cEntre el valor de cambio y el principio de reciprocidad\u201d, en P\u00e9rez Montfort, Ricardo y Ana Paula de Teresa (Coords.), <i>Cultura en Venta 2. Claves de la raz\u00f3n cultural en el capitalismo contempor\u00e1neo<\/i>, Editorial Debate, Pengu\u00edn Random House, Grupo Editorial, M\u00e9xico, noviembre 2020: pp. 163-211, ISBN: 978-607-319-855-4.<\/li><li class=\"li4\">Salazar Rebolledo, Juan Alberto y Ana Paula de Teresa, 2020, \u201cLas resistencias y la raz\u00f3n cultural: un campo de lucha\u201d en P\u00e9rez Montfort, Ricardo y Ana Paula de Teresa (Coords.), <i>Cultura en Venta 2. Claves de la raz\u00f3n cultural en el capitalismo contempor\u00e1neo<\/i>, Editorial Debate, Pengu\u00edn Random House, Grupo Editorial, M\u00e9xico, noviembre 2020: pp. 213-239, ISBN: 978-607-319-855-4.<\/li><\/ul><p class=\"p3\"><b>Art\u00edculos:<\/b><\/p><ul class=\"ul1\"><li class=\"li4\">de Teresa, Ana Paula, 2020, \u201cDel porfiriato a la Revoluci\u00f3n: la propiedad de la tierra en la parroquia de Valle Nacional, Oaxaca, 1884-1915\u201d, Cuadernos del Sur 48, Revista de ciencias sociales, Oaxaca, M\u00e9xico, enero-junio 2020: pp. 61-83. ISSN: 2448-8836<\/li><\/ul><ul class=\"ul1\"><li class=\"li4\">de Teresa, Ana Paula,<span class=\"Apple-converted-space\">\u00a0 <\/span>2022, \u201cEl Se\u00f1or\u00edo de la Gran Chinantla. Fronteras etno-ling\u00fc\u00edsticas y conflictos agrarios en los siglos XVII-XVIII en la Sierra Norte de Oaxaca\u201d, Historia Mexicana, Vol. 72, N\u00fam. 2 (286) octubre-diciembre 2022, El Colegio de M\u00e9xico, Cd. de M\u00e9xico. ISSN (impreso) 0185-0172; ISSN (electr\u00f3nico) 2448-6531.<\/li><li class=\"li4\">de Teresa, Ana Paula, 2023, \u00abLa contrareforma agraria y la transformaci\u00f3n rural en la regi\u00f3n chinanteca de Oaxaca, M\u00e9xico (1992-2016)\u00bb, <i>Revista Latinoamericana de Estudios Rurales<\/i> (ReLaER), 15, Vol. 8, enero-junio 2023, CEIL CONICET, Argentina; recibido 14\/11\/2022 aceptado 9\/03\/2023, pp. 1-35; ISSN 2525-1635.<\/li><\/ul><p class=\"p3\"><b>Art\u00edculos en dict\u00e1men:<\/b><\/p><ul class=\"ul1\"><li class=\"li4\">de Teresa, Ana Paula, 2023, \u201cLa insurrecci\u00f3n silenciosa. La demanda agraria en el municipio de Valle Nacional, Oaxaca, (1915-1935).\u201d, <i>Signos Hist\u00f3ricos<\/i>, UAM-I, enviado en mayo de 2023,<span class=\"Apple-converted-space\">\u00a0 <\/span>pp. 01-36. ISSN: 1665-4420.<\/li><li class=\"li4\">de Teresa, Ana Paula, 2023, \u201cMovimiento campesino y lucha armada<span class=\"Apple-converted-space\">\u00a0 <\/span>en M\u00e9xico. El caso de la guerrilla de \u00a8El G\u00fcero\u00a8 Medrano en la Sierra Chinanteca de Oaxaca 1976-1979\u201d, <i>LiminaR. Estudios sociales y human\u00edsticos<\/i>, enviado en junio de 2023, pp. 01-29. ISSN:1665-8027, ISSNe: 2007-8900.<\/li><\/ul>\t\t\t\t\t\t\t\t<\/div>\n\t\t\t\t<\/div>\n\t\t\t\t\t<\/div>\n\t\t<\/div>\n\t\t\t\t\t<\/div>\n\t\t<\/section>\n\t\t\t\t<\/div>\n\t\t","protected":false},"excerpt":{"rendered":"<p>Dra. Ana Paula de Teresa Ochoa Profesora Titular C, desde 1985. Nivel SNII: 2\u00a0 ORCID: https:\/\/orcid.org\/0000-0001-5870-7103 \u00a0 Academia.edu https:\/\/independent.academia.edu\/deTeresa\u00a0 Estudios de Antropolog\u00eda en la Universidad Aut\u00f3noma Metropolitana (UAM-I) y doctorado en socio-econom\u00eda del desarrollo por la Universidad de Paris-I.\u00a0 L\u00edneas de investigaci\u00f3n: Antropolog\u00eda econ\u00f3mica; Historia regional; Poblaci\u00f3n y recursos naturales; Estrategias de reproducci\u00f3n de las [&hellip;]<\/p>\n","protected":false},"author":23,"featured_media":0,"parent":815,"menu_order":0,"comment_status":"closed","ping_status":"closed","template":"","meta":{"footnotes":""},"class_list":["post-1252","page","type-page","status-publish","hentry"],"blocksy_meta":{"styles_descriptor":{"styles":{"desktop":"","tablet":"","mobile":""},"google_fonts":[],"version":8}},"_links":{"self":[{"href":"https:\/\/divcsh.izt.uam.mx\/depto_antropologia\/index.php?rest_route=\/wp\/v2\/pages\/1252","targetHints":{"allow":["GET"]}}],"collection":[{"href":"https:\/\/divcsh.izt.uam.mx\/depto_antropologia\/index.php?rest_route=\/wp\/v2\/pages"}],"about":[{"href":"https:\/\/divcsh.izt.uam.mx\/depto_antropologia\/index.php?rest_route=\/wp\/v2\/types\/page"}],"author":[{"embeddable":true,"href":"https:\/\/divcsh.izt.uam.mx\/depto_antropologia\/index.php?rest_route=\/wp\/v2\/users\/23"}],"replies":[{"embeddable":true,"href":"https:\/\/divcsh.izt.uam.mx\/depto_antropologia\/index.php?rest_route=%2Fwp%2Fv2%2Fcomments&post=1252"}],"version-history":[{"count":0,"href":"https:\/\/divcsh.izt.uam.mx\/depto_antropologia\/index.php?rest_route=\/wp\/v2\/pages\/1252\/revisions"}],"up":[{"embeddable":true,"href":"https:\/\/divcsh.izt.uam.mx\/depto_antropologia\/index.php?rest_route=\/wp\/v2\/pages\/815"}],"wp:attachment":[{"href":"https:\/\/divcsh.izt.uam.mx\/depto_antropologia\/index.php?rest_route=%2Fwp%2Fv2%2Fmedia&parent=1252"}],"curies":[{"name":"wp","href":"https:\/\/api.w.org\/{rel}","templated":true}]}}