{"id":3598,"date":"2021-10-12T22:12:21","date_gmt":"2021-10-13T03:12:21","guid":{"rendered":"https:\/\/divcsh.izt.uam.mx\/depto_antropologia\/?page_id=3598"},"modified":"2025-12-09T12:51:22","modified_gmt":"2025-12-09T18:51:22","slug":"dra-natalia-radetich-filinich","status":"publish","type":"page","link":"https:\/\/divcsh.izt.uam.mx\/depto_antropologia\/?page_id=3598","title":{"rendered":"Dra. Natalia Radetich Filinich"},"content":{"rendered":"\t\t<div data-elementor-type=\"wp-page\" data-elementor-id=\"3598\" class=\"elementor elementor-3598\" data-elementor-post-type=\"page\">\n\t\t\t\t\t\t<section class=\"elementor-section elementor-top-section elementor-element elementor-element-0c05747 elementor-section-boxed elementor-section-height-default elementor-section-height-default\" data-id=\"0c05747\" data-element_type=\"section\" data-e-type=\"section\">\n\t\t\t\t\t\t<div class=\"elementor-container elementor-column-gap-default\">\n\t\t\t\t\t<div class=\"elementor-column elementor-col-100 elementor-top-column elementor-element elementor-element-aa58488\" data-id=\"aa58488\" data-element_type=\"column\" data-e-type=\"column\">\n\t\t\t<div class=\"elementor-widget-wrap elementor-element-populated\">\n\t\t\t\t\t\t<div class=\"elementor-element elementor-element-5c32c2f elementor-position-top elementor-widget elementor-widget-image-box\" data-id=\"5c32c2f\" data-element_type=\"widget\" data-e-type=\"widget\" data-widget_type=\"image-box.default\">\n\t\t\t\t<div class=\"elementor-widget-container\">\n\t\t\t\t\t<div class=\"elementor-image-box-wrapper\"><figure class=\"elementor-image-box-img\"><img fetchpriority=\"high\" decoding=\"async\" width=\"1001\" height=\"1500\" src=\"https:\/\/divcsh.izt.uam.mx\/depto_antropologia\/wp-content\/uploads\/2024\/09\/Graduacion_007-1-2.jpg\" class=\"attachment-full size-full wp-image-6974\" alt=\"\" srcset=\"https:\/\/divcsh.izt.uam.mx\/depto_antropologia\/wp-content\/uploads\/2024\/09\/Graduacion_007-1-2.jpg 1001w, https:\/\/divcsh.izt.uam.mx\/depto_antropologia\/wp-content\/uploads\/2024\/09\/Graduacion_007-1-2-200x300.jpg 200w, https:\/\/divcsh.izt.uam.mx\/depto_antropologia\/wp-content\/uploads\/2024\/09\/Graduacion_007-1-2-683x1024.jpg 683w, https:\/\/divcsh.izt.uam.mx\/depto_antropologia\/wp-content\/uploads\/2024\/09\/Graduacion_007-1-2-768x1151.jpg 768w\" sizes=\"(max-width: 1001px) 100vw, 1001px\" \/><\/figure><\/div>\t\t\t\t<\/div>\n\t\t\t\t<\/div>\n\t\t\t\t\t<\/div>\n\t\t<\/div>\n\t\t\t\t\t<\/div>\n\t\t<\/section>\n\t\t\t\t<section class=\"elementor-section elementor-top-section elementor-element elementor-element-f6c2d06 elementor-section-boxed elementor-section-height-default elementor-section-height-default\" data-id=\"f6c2d06\" data-element_type=\"section\" data-e-type=\"section\">\n\t\t\t\t\t\t<div class=\"elementor-container elementor-column-gap-default\">\n\t\t\t\t\t<div class=\"elementor-column elementor-col-100 elementor-top-column elementor-element elementor-element-d945df4\" data-id=\"d945df4\" data-element_type=\"column\" data-e-type=\"column\">\n\t\t\t<div class=\"elementor-widget-wrap elementor-element-populated\">\n\t\t\t\t\t\t<div class=\"elementor-element elementor-element-f533b9f elementor-widget elementor-widget-html\" data-id=\"f533b9f\" data-element_type=\"widget\" data-e-type=\"widget\" data-widget_type=\"html.default\">\n\t\t\t\t<div class=\"elementor-widget-container\">\n\t\t\t\t\t<style>\n    \/* Establece la fuente base para todo el contenido *\/\n    body, p, div, span, a, b, strong, em {\n        font-family: 'Times New Roman', Times, serif !important;\n        font-size: 12pt !important;\n        color: #000000 !important;\n        line-height: 1.5; \/* Mejora la legibilidad del texto corrido *\/\n    }\n\n    \/* Asegura que los enlaces mantengan el color azul pero conserven la fuente *\/\n    a {\n        color: #0563c1 !important; \/* Color azul para enlaces *\/\n        text-decoration: underline !important;\n    }\n\n    \/* Formato para t\u00edtulos principales *\/\n    .nombre-principal {\n        font-size: 16pt !important;\n        font-weight: bold !important;\n        line-height: 1.2;\n        margin-bottom: 5pt;\n    }\n\n    \/* Formato para subt\u00edtulos *\/\n    .subtitulo {\n        font-size: 14pt !important;\n        font-weight: bold !important;\n        margin-top: 15pt;\n        margin-bottom: 5pt;\n    }\n\n    \/* Asegura la justificaci\u00f3n para p\u00e1rrafos de semblanza y publicaciones *\/\n    .parrafo-justificado {\n        text-align: ;\n        margin-top: 0pt;\n        margin-bottom: 10pt;\n    }\n\n    \/* Ajusta el espaciado y alineaci\u00f3n de la lista de detalles *\/\n    .datos-personales {\n        font-weight: normal !important;\n        margin-bottom: 2pt;\n        line-height: 1.3;\n    }\n\n    \/* Estilo para los t\u00edtulos de libros\/revistas que deben ir en cursiva *\/\n    .titulo-publicacion {\n        font-style: italic;\n        font-weight: normal;\n    }\n\n<\/style>\n\n<div>\n    <p class=\"nombre-principal\">Dra. Natalia Radetich Filinich<\/p>\n\n    <div class=\"datos-personales\">\n        <p>Nivel SNII: 1<\/p>\n        <p>Contacto: <a href=\"mailto:nataliaradetich@xanum.uam.mx\">nataliaradetich@xanum.uam.mx<\/a><\/p>\n    <\/div>\n\n    <p class=\"subtitulo\">Semblanza<\/p>\n    <p class=\"parrafo-justificado\">Profesora-investigadora Asociada D del Departamento de Antropolog\u00eda de la UAM-Iztapalapa desde 2016 (con nombramiento definitivo en 2022). Es Doctora en Antropolog\u00eda por la Universidad Nacional Aut\u00f3noma de M\u00e9xico, Maestra en Filosof\u00eda por la misma universidad y Licenciada en Etnolog\u00eda por la Escuela Nacional de Antropolog\u00eda e Historia. Sus investigaciones han recibido reconocimientos de la Academia Mexicana de Ciencias, del Instituto Nacional de Antropolog\u00eda e Historia y de la Editorial Bellaterra.<\/p>\n\n    <p class=\"parrafo-justificado\"><strong style=\"font-weight: bold !important;\">L\u00edneas de investigaci\u00f3n actuales:<\/strong> Antropolog\u00eda del capitalismo contempor\u00e1neo; estudios cr\u00edticos de la explotaci\u00f3n del trabajo; an\u00e1lisis te\u00f3rico y etnogr\u00e1fico del giro digital del capitalismo.<\/p>\n\n    <p class=\"subtitulo\">Publicaciones destacadas<\/p>\n\n    <p class=\"subtitulo\" style=\"font-size: 12pt !important;\">Libros<\/p>\n    <p class=\"parrafo-justificado\">Radetich, Natalia. <span class=\"titulo-publicacion\">Cappitalismo. La uberizaci\u00f3n del trabajo<\/span>. M\u00e9xico: Siglo XXI Editores, 2022 \/ reeditado en 2024.<\/p>\n    <p class=\"parrafo-justificado\">Radetich, Natalia. <span class=\"titulo-publicacion\">Minot\u00e1uricas<\/span>. Barcelona: Bellaterra, 2014.<\/p>\n    <p class=\"parrafo-justificado\">Radetich, Natalia. <span class=\"titulo-publicacion\">La risa y el quebranto<\/span>. M\u00e9xico: CONACULTA \/ FONCA, 2006.<\/p>\n\n    <p class=\"subtitulo\" style=\"font-size: 12pt !important;\">Art\u00edculos<\/p>\n    <p class=\"parrafo-justificado\">Radetich, Natalia. \u201cEl marxismo ante el capitalismo de plataformas\u201d, <span class=\"titulo-publicacion\">Revista Hipertextos. Capitalismo, T\u00e9cnica y Sociedad en debate<\/span> (Revista de la Universidad de Buenos Aires, la Universidad Nacional de La Plata y la Universidad Maim\u00f3nides), vol. 14, n\u00fam. 24, 2025.<\/p>\n    <p class=\"parrafo-justificado\">Radetich, Natalia. \u201cLa smartphonizaci\u00f3n de la vida social\u201d, <span class=\"titulo-publicacion\">Cuestiones de Sociolog\u00eda<\/span> (Revista del Departamento de Sociolog\u00eda de la Universidad Nacional de la Plata), n\u00fam. 27, 2023, pp. 1-18. DOI: <a href=\"https:\/\/doi.org\/10.24215\/23468904e148\" target=\"_blank\">https:\/\/doi.org\/10.24215\/23468904e148<\/a><\/p>\n    <p class=\"parrafo-justificado\">Radetich, Natalia. \u201cLeviat\u00e1n, el topo y la serpiente: el bestiario pol\u00edtico de la modernidad seg\u00fan Michel Foucault y Gilles Deleuze\u201d, <span class=\"titulo-publicacion\">INTER DISCIPLINA<\/span> (UNAM-CEIICH), vol. 11, n\u00fam. 30, 2023, pp. 243-264. DOI: <a href=\"https:\/\/doi.org\/10.22201\/ceiich.24485705e.2023.30.81828\" target=\"_blank\">https:\/\/doi.org\/10.22201\/ceiich.24485705e.2023.30.81828<\/a><\/p>\n    <p class=\"parrafo-justificado\">Palermo, Hern\u00e1n, Natalia Radetich y Luis Reygadas. \u201cTrabajo mediado por tecnolog\u00edas digitales. Sentidos del trabajo, nuevas formas de control y trabajadores ciborg\u201d, <span class=\"titulo-publicacion\">Revista Latinoamericana de Antropolog\u00eda del Trabajo<\/span> (Revista del Centro de Estudios e Investigaciones Laborales del CONICET-Argentina y del Centro de Investigaciones y Estudios Superiores en Antropolog\u00eda Social-M\u00e9xico), vol. 4, n\u00fam. 7, 2020, pp. 1-35. <a href=\"https:\/\/ri.conicet.gov.ar\/handle\/11336\/144033\" target=\"_blank\">https:\/\/ri.conicet.gov.ar\/handle\/11336\/144033<\/a><\/p>\n    <p class=\"parrafo-justificado\">Radetich, Natalia. \u201cLa mirada etnogr\u00e1fica de Charles Chaplin: la cr\u00edtica del capitalismo en <span class=\"titulo-publicacion\">Tiempos modernos<\/span>\u201d, <span class=\"titulo-publicacion\">Revista Culturales<\/span> (Revista de la Universidad Aut\u00f3noma de Baja California), vol. 7, 2019, pp. 1-42. DOI: <a href=\"https:\/\/doi.org\/10.22234\/recu.20190701.e452\" target=\"_blank\">https:\/\/doi.org\/10.22234\/recu.20190701.e452<\/a><\/p>\n    <p class=\"parrafo-justificado\">Radetich, Natalia. \u201cEl capitalismo y el rechazo de los l\u00edmites: el caso ejemplar del taylorismo y el fordismo\u201d, <span class=\"titulo-publicacion\">Acta sociol\u00f3gica. Aceleraci\u00f3n social y modernidad<\/span> (Revista de la UNAM-Facultad de Ciencias Pol\u00edticas y Sociales), n\u00fam. 69, enero-abril de 2016, pp. 17-50. DOI: <a href=\"https:\/\/doi.org\/10.1016\/j.acso.2016.02.002\" target=\"_blank\">https:\/\/doi.org\/10.1016\/j.acso.2016.02.002<\/a><\/p>\n    <p class=\"parrafo-justificado\">Radetich, Natalia. \u201cEl problema del sacrificio en <span class=\"titulo-publicacion\">La ruina de Kasch<\/span>, de Roberto Calasso\u201d, <span class=\"titulo-publicacion\">Elementos. Ciencia y cultura<\/span> (Revista de la Benem\u00e9rita Universidad Aut\u00f3noma de Puebla), n\u00fam. 86, abril-junio, 2012, pp. 41-48. <a href=\"https:\/\/elementos.buap.mx\/directus\/storage\/uploads\/00000001478.pdf\" target=\"_blank\">https:\/\/elementos.buap.mx\/directus\/storage\/uploads\/00000001478.pdf<\/a><\/p>\n    <p class=\"parrafo-justificado\">Radetich, Natalia. \u201cEl arte, la t\u00e9cnica y lo pol\u00edtico: a prop\u00f3sito de <span class=\"titulo-publicacion\">La obra de arte en la \u00e9poca de su reproductibilidad t\u00e9cnica<\/span>, de Walter Benjamin\u201d, <span class=\"titulo-publicacion\">Argumentos. Estudios cr\u00edticos de la sociedad<\/span> (Revista de la Universidad Aut\u00f3noma Metropolitana-Unidad Xochimilco), n\u00fam. 68, vol. 25, enero-abril, 2012, pp. 15-26. <a href=\"https:\/\/publicaciones.xoc.uam.mx\/MuestraPDF.php\" target=\"_blank\">https:\/\/publicaciones.xoc.uam.mx\/MuestraPDF.php<\/a><\/p>\n\n    <p class=\"subtitulo\" style=\"font-size: 12pt !important;\">Cap\u00edtulos en libros colectivos<\/p>\n    <p class=\"parrafo-justificado\">Radetich, Natalia. \u201cLa appropiaci\u00f3n: explotaci\u00f3n digital del trabajo y expoliaci\u00f3n digital de los territorios en el capitalismo de plataformas. El caso de los conductores de Uber en la Ciudad de M\u00e9xico\u201d, en Laura Valladares y Adriana Aguayo (coords.), <span class=\"titulo-publicacion\">Antropolog\u00edas hechas en M\u00e9xico. Vol. III<\/span>: Universidad Aut\u00f3noma Metropolitana, Asociaci\u00f3n Latinoamericana de Antropolog\u00eda, Colegio de Etn\u00f3logos y Antrop\u00f3logos Sociales, 2025, pp. 167-203. Disponible en: <a href=\"https:\/\/acortar.link\/yD2o4O\" target=\"_blank\">https:\/\/acortar.link\/yD2o4O<\/a><\/p>\n    <p class=\"parrafo-justificado\">Radetich, Natalia. \u201cLa f\u00e1brica ling\u00fc\u00edstica: fronteras, cuerpos y materias en los <span class=\"titulo-publicacion\">call centers<\/span>\u201d, en Maya Aguiluz Ibarg\u00fcen, Cynthia Ortega Salgado y Pablo Hoyos Gonz\u00e1lez (coords.). <span class=\"titulo-publicacion\">Comparecen los cuerpos. Materias y fronteras.<\/span> M\u00e9xico: UNAM, 2021.<\/p>\n    <p class=\"parrafo-justificado\">Radetich, Natalia. \u201cPlusval\u00eda y acumulaci\u00f3n originaria: la violencia en <span class=\"titulo-publicacion\">El capital<\/span>\u201d, en Miriam Madureira, Paulina Aroch Fugellie, Felipe Vidal (coords.). Das Kapital. Marx, actualidad y cr\u00edtica. M\u00e9xico: Siglo XXI Editores \/ UAM Cuajimalpa, 2019.<\/p>\n    \n    <p class=\"parrafo-justificado\">Radetich, Natalia. \u201cD\u00e9fense du la fiesta\u201d en Jos\u00e9 Tom\u00e1s, Araceli Guillaume-Alonso, et al.\nDialogue avec Navegante. Par\u00eds: Au diable vauvert, 2013.<\/p>\n<\/div>\t\t\t\t<\/div>\n\t\t\t\t<\/div>\n\t\t\t\t\t<\/div>\n\t\t<\/div>\n\t\t\t\t\t<\/div>\n\t\t<\/section>\n\t\t\t\t<\/div>\n\t\t","protected":false},"excerpt":{"rendered":"<p>Dra. Natalia Radetich Filinich Nivel SNII: 1 Contacto: nataliaradetich@xanum.uam.mx Semblanza Profesora-investigadora Asociada D del Departamento de Antropolog\u00eda de la UAM-Iztapalapa desde 2016 (con nombramiento definitivo en 2022). Es Doctora en Antropolog\u00eda por la Universidad Nacional Aut\u00f3noma de M\u00e9xico, Maestra en Filosof\u00eda por la misma universidad y Licenciada en Etnolog\u00eda por la Escuela Nacional de Antropolog\u00eda [&hellip;]<\/p>\n","protected":false},"author":23,"featured_media":0,"parent":0,"menu_order":0,"comment_status":"closed","ping_status":"closed","template":"","meta":{"footnotes":""},"class_list":["post-3598","page","type-page","status-publish","hentry"],"blocksy_meta":{"styles_descriptor":{"styles":{"desktop":"","tablet":"","mobile":""},"google_fonts":[],"version":8}},"_links":{"self":[{"href":"https:\/\/divcsh.izt.uam.mx\/depto_antropologia\/index.php?rest_route=\/wp\/v2\/pages\/3598","targetHints":{"allow":["GET"]}}],"collection":[{"href":"https:\/\/divcsh.izt.uam.mx\/depto_antropologia\/index.php?rest_route=\/wp\/v2\/pages"}],"about":[{"href":"https:\/\/divcsh.izt.uam.mx\/depto_antropologia\/index.php?rest_route=\/wp\/v2\/types\/page"}],"author":[{"embeddable":true,"href":"https:\/\/divcsh.izt.uam.mx\/depto_antropologia\/index.php?rest_route=\/wp\/v2\/users\/23"}],"replies":[{"embeddable":true,"href":"https:\/\/divcsh.izt.uam.mx\/depto_antropologia\/index.php?rest_route=%2Fwp%2Fv2%2Fcomments&post=3598"}],"version-history":[{"count":0,"href":"https:\/\/divcsh.izt.uam.mx\/depto_antropologia\/index.php?rest_route=\/wp\/v2\/pages\/3598\/revisions"}],"wp:attachment":[{"href":"https:\/\/divcsh.izt.uam.mx\/depto_antropologia\/index.php?rest_route=%2Fwp%2Fv2%2Fmedia&parent=3598"}],"curies":[{"name":"wp","href":"https:\/\/api.w.org\/{rel}","templated":true}]}}