{"id":7200,"date":"2024-11-07T12:17:01","date_gmt":"2024-11-07T18:17:01","guid":{"rendered":"https:\/\/divcsh.izt.uam.mx\/depto_antropologia\/?page_id=7200"},"modified":"2025-11-04T13:33:33","modified_gmt":"2025-11-04T19:33:33","slug":"jesus-gonzalez-jaramillo-copy","status":"publish","type":"page","link":"https:\/\/divcsh.izt.uam.mx\/depto_antropologia\/?page_id=7200","title":{"rendered":"Betsabe Mata Mart\u00ednez"},"content":{"rendered":"\t\t<div data-elementor-type=\"wp-page\" data-elementor-id=\"7200\" class=\"elementor elementor-7200\" data-elementor-post-type=\"page\">\n\t\t\t\t\t\t<section class=\"elementor-section elementor-top-section elementor-element elementor-element-349754e elementor-section-boxed elementor-section-height-default elementor-section-height-default\" data-id=\"349754e\" data-element_type=\"section\" data-e-type=\"section\">\n\t\t\t\t\t\t<div class=\"elementor-container elementor-column-gap-default\">\n\t\t\t\t\t<div class=\"elementor-column elementor-col-100 elementor-top-column elementor-element elementor-element-bead85b\" data-id=\"bead85b\" data-element_type=\"column\" data-e-type=\"column\">\n\t\t\t<div class=\"elementor-widget-wrap elementor-element-populated\">\n\t\t\t\t\t\t<div class=\"elementor-element elementor-element-815153f elementor-widget elementor-widget-image\" data-id=\"815153f\" data-element_type=\"widget\" data-e-type=\"widget\" data-widget_type=\"image.default\">\n\t\t\t\t<div class=\"elementor-widget-container\">\n\t\t\t\t\t\t\t\t\t\t\t\t\t\t\t<img fetchpriority=\"high\" decoding=\"async\" width=\"200\" height=\"300\" src=\"https:\/\/divcsh.izt.uam.mx\/depto_antropologia\/wp-content\/uploads\/2025\/11\/175A3614-200x300.jpg\" class=\"attachment-medium size-medium wp-image-8543\" alt=\"\" srcset=\"https:\/\/divcsh.izt.uam.mx\/depto_antropologia\/wp-content\/uploads\/2025\/11\/175A3614-200x300.jpg 200w, https:\/\/divcsh.izt.uam.mx\/depto_antropologia\/wp-content\/uploads\/2025\/11\/175A3614-683x1024.jpg 683w, https:\/\/divcsh.izt.uam.mx\/depto_antropologia\/wp-content\/uploads\/2025\/11\/175A3614-768x1152.jpg 768w, https:\/\/divcsh.izt.uam.mx\/depto_antropologia\/wp-content\/uploads\/2025\/11\/175A3614-1024x1536.jpg 1024w, https:\/\/divcsh.izt.uam.mx\/depto_antropologia\/wp-content\/uploads\/2025\/11\/175A3614-1365x2048.jpg 1365w, https:\/\/divcsh.izt.uam.mx\/depto_antropologia\/wp-content\/uploads\/2025\/11\/175A3614-scaled.jpg 1707w\" sizes=\"(max-width: 200px) 100vw, 200px\" \/>\t\t\t\t\t\t\t\t\t\t\t\t\t\t\t<\/div>\n\t\t\t\t<\/div>\n\t\t\t\t\t<\/div>\n\t\t<\/div>\n\t\t\t\t\t<\/div>\n\t\t<\/section>\n\t\t\t\t<section class=\"elementor-section elementor-top-section elementor-element elementor-element-9d1d0d0 elementor-section-boxed elementor-section-height-default elementor-section-height-default\" data-id=\"9d1d0d0\" data-element_type=\"section\" data-e-type=\"section\">\n\t\t\t\t\t\t<div class=\"elementor-container elementor-column-gap-default\">\n\t\t\t\t\t<div class=\"elementor-column elementor-col-100 elementor-top-column elementor-element elementor-element-17007f9\" data-id=\"17007f9\" data-element_type=\"column\" data-e-type=\"column\">\n\t\t\t<div class=\"elementor-widget-wrap elementor-element-populated\">\n\t\t\t\t\t\t<div class=\"elementor-element elementor-element-2a977eb elementor-widget elementor-widget-text-editor\" data-id=\"2a977eb\" data-element_type=\"widget\" data-e-type=\"widget\" data-widget_type=\"text-editor.default\">\n\t\t\t\t<div class=\"elementor-widget-container\">\n\t\t\t\t\t\t\t\t\t<h6><span style=\"font-weight: normal;\"><span style=\"line-height: 14.4px;\">Licenciad<\/span><span style=\"line-height: 14.4px;\">a<\/span><span style=\"line-height: 14.4px;\">\u00a0en Antropolog\u00eda Social por la UAM Iztapalapa con la tesis titulada<\/span><span style=\"line-height: 14.4px;\">\u00a0\u201cTrabajo<\/span><span style=\"line-height: 14.4px;\">, cuerpo y emociones: chicas\u00a0<\/span><span style=\"line-height: 14.4px;\">hooters<\/span><span style=\"line-height: 14.4px;\">\u00a0en la Ciudad de<\/span><span style=\"line-height: 14.4px;\">\u00a0M\u00e9xico\u201d. A<\/span><span style=\"line-height: 14.4px;\">yudante del Departamento de Antropolog\u00eda en la Universidad Aut\u00f3noma Metropolitana, unidad Iztapalapa<\/span><span style=\"line-height: 14.4px;\">\u00a0y r<\/span><span style=\"line-height: 14.4px;\">esponsable del Centro de Informaci\u00f3n y Documentaci\u00f3n Antropol\u00f3gica (CEIDA)<\/span><span style=\"line-height: 14.4px;\">.\u00a0<\/span><span style=\"line-height: 14.4px;\">Colaboraci\u00f3n (Servicio social) en las actividades del Laboratorio en Antropolog\u00eda Visual (LAV<\/span><span style=\"line-height: 14.4px;\">) en la Universidad Aut\u00f3noma Metropolitana, unidad Iztapalapa<\/span><span style=\"line-height: 14.4px;\">\u00a0y p<\/span><span style=\"line-height: 14.4px;\">articipaci\u00f3n en el Grupo Editorial Estudiantil, desempe\u00f1ando la Jefatura de Secci\u00f3n en el \u00e1rea de fotograf\u00eda. Revista\u00a0<\/span><span class=\"s2\" style=\"line-height: 14.4px; font-style: italic;\">Somos Rugido de Cambio<\/span><span style=\"line-height: 14.4px;\">.<br \/><\/span><\/span><span style=\"font-weight: normal; line-height: 14.4px;\">Curs\u00e9 un D<\/span><span style=\"font-weight: normal; line-height: 14.4px;\">iplomado en Recursos Humanos impartido por Top\u00a0<\/span><span style=\"font-weight: normal; line-height: 14.4px;\">Learning<\/span><span style=\"font-weight: normal; line-height: 14.4px;\">. Realizado del 28 de enero al 7 de agosto, con una duraci\u00f3n de ocho meses.<br \/><\/span><span style=\"font-weight: normal; line-height: 14.4px;\">Temas de inter\u00e9s:<\/span><span style=\"font-weight: normal; line-height: 14.4px;\">\u00a0Antropolog\u00eda del trabajo,<\/span><span style=\"font-weight: normal; line-height: 14.4px;\">\u00a0<\/span><span style=\"font-weight: normal; line-height: 14.4px;\">antropolog\u00eda<\/span><span style=\"font-weight: normal; line-height: 14.4px;\">\u00a0<\/span><span style=\"font-weight: normal; line-height: 14.4px;\">audiovisual<\/span><span style=\"font-weight: normal; line-height: 14.4px;\">\u00a0y g\u00e9nero.<\/span><\/h6><p class=\"s3\" style=\"font-style: normal; font-variant-caps: normal; margin-bottom: 8px; line-height: 1.295; text-align: justify; caret-color: #000000; color: #000000; font-size: 12px;\"><a name=\"_GoBack\"><\/a><\/p><p>\u00a0<\/p>\t\t\t\t\t\t\t\t<\/div>\n\t\t\t\t<\/div>\n\t\t\t\t\t<\/div>\n\t\t<\/div>\n\t\t\t\t\t<\/div>\n\t\t<\/section>\n\t\t\t\t<\/div>\n\t\t","protected":false},"excerpt":{"rendered":"<p>Licenciada\u00a0en Antropolog\u00eda Social por la UAM Iztapalapa con la tesis titulada\u00a0\u201cTrabajo, cuerpo y emociones: chicas\u00a0hooters\u00a0en la Ciudad de\u00a0M\u00e9xico\u201d. Ayudante del Departamento de Antropolog\u00eda en la Universidad Aut\u00f3noma Metropolitana, unidad Iztapalapa\u00a0y responsable del Centro de Informaci\u00f3n y Documentaci\u00f3n Antropol\u00f3gica (CEIDA).\u00a0Colaboraci\u00f3n (Servicio social) en las actividades del Laboratorio en Antropolog\u00eda Visual (LAV) en la Universidad Aut\u00f3noma Metropolitana, [&hellip;]<\/p>\n","protected":false},"author":17,"featured_media":0,"parent":2630,"menu_order":0,"comment_status":"closed","ping_status":"closed","template":"","meta":{"footnotes":""},"class_list":["post-7200","page","type-page","status-publish","hentry"],"blocksy_meta":{"styles_descriptor":{"styles":{"desktop":"","tablet":"","mobile":""},"google_fonts":[],"version":7}},"_links":{"self":[{"href":"https:\/\/divcsh.izt.uam.mx\/depto_antropologia\/index.php?rest_route=\/wp\/v2\/pages\/7200","targetHints":{"allow":["GET"]}}],"collection":[{"href":"https:\/\/divcsh.izt.uam.mx\/depto_antropologia\/index.php?rest_route=\/wp\/v2\/pages"}],"about":[{"href":"https:\/\/divcsh.izt.uam.mx\/depto_antropologia\/index.php?rest_route=\/wp\/v2\/types\/page"}],"author":[{"embeddable":true,"href":"https:\/\/divcsh.izt.uam.mx\/depto_antropologia\/index.php?rest_route=\/wp\/v2\/users\/17"}],"replies":[{"embeddable":true,"href":"https:\/\/divcsh.izt.uam.mx\/depto_antropologia\/index.php?rest_route=%2Fwp%2Fv2%2Fcomments&post=7200"}],"version-history":[{"count":0,"href":"https:\/\/divcsh.izt.uam.mx\/depto_antropologia\/index.php?rest_route=\/wp\/v2\/pages\/7200\/revisions"}],"up":[{"embeddable":true,"href":"https:\/\/divcsh.izt.uam.mx\/depto_antropologia\/index.php?rest_route=\/wp\/v2\/pages\/2630"}],"wp:attachment":[{"href":"https:\/\/divcsh.izt.uam.mx\/depto_antropologia\/index.php?rest_route=%2Fwp%2Fv2%2Fmedia&parent=7200"}],"curies":[{"name":"wp","href":"https:\/\/api.w.org\/{rel}","templated":true}]}}