{"id":900,"date":"2016-01-19T15:57:43","date_gmt":"2016-01-19T21:57:43","guid":{"rendered":"https:\/\/divcsh.izt.uam.mx\/depto_antropologia\/?page_id=900"},"modified":"2025-03-14T11:38:26","modified_gmt":"2025-03-14T17:38:26","slug":"dra-maria-eugenia-olavarria","status":"publish","type":"page","link":"https:\/\/divcsh.izt.uam.mx\/depto_antropologia\/?page_id=900","title":{"rendered":"Dra. Mar\u00eda Eugenia Olavarr\u00eda Pati\u00f1o"},"content":{"rendered":"\t\t<div data-elementor-type=\"wp-page\" data-elementor-id=\"900\" class=\"elementor elementor-900\" data-elementor-post-type=\"page\">\n\t\t\t\t\t\t<section class=\"elementor-section elementor-top-section elementor-element elementor-element-5093466 elementor-section-boxed elementor-section-height-default elementor-section-height-default\" data-id=\"5093466\" data-element_type=\"section\" data-e-type=\"section\">\n\t\t\t\t\t\t<div class=\"elementor-container elementor-column-gap-default\">\n\t\t\t\t\t<div class=\"elementor-column elementor-col-100 elementor-top-column elementor-element elementor-element-551ac43\" data-id=\"551ac43\" data-element_type=\"column\" data-e-type=\"column\">\n\t\t\t<div class=\"elementor-widget-wrap elementor-element-populated\">\n\t\t\t\t\t\t<div class=\"elementor-element elementor-element-03f4766 elementor-position-top elementor-widget elementor-widget-image-box\" data-id=\"03f4766\" data-element_type=\"widget\" data-e-type=\"widget\" data-widget_type=\"image-box.default\">\n\t\t\t\t<div class=\"elementor-widget-container\">\n\t\t\t\t\t<div class=\"elementor-image-box-wrapper\"><figure class=\"elementor-image-box-img\"><img fetchpriority=\"high\" decoding=\"async\" width=\"1125\" height=\"1500\" src=\"https:\/\/divcsh.izt.uam.mx\/depto_antropologia\/wp-content\/uploads\/2024\/07\/bfgdfgdgdgdg.png\" class=\"attachment-full size-full wp-image-6266\" alt=\"\" srcset=\"https:\/\/divcsh.izt.uam.mx\/depto_antropologia\/wp-content\/uploads\/2024\/07\/bfgdfgdgdgdg.png 1125w, https:\/\/divcsh.izt.uam.mx\/depto_antropologia\/wp-content\/uploads\/2024\/07\/bfgdfgdgdgdg-225x300.png 225w, https:\/\/divcsh.izt.uam.mx\/depto_antropologia\/wp-content\/uploads\/2024\/07\/bfgdfgdgdgdg-768x1024.png 768w\" sizes=\"(max-width: 1125px) 100vw, 1125px\" \/><\/figure><\/div>\t\t\t\t<\/div>\n\t\t\t\t<\/div>\n\t\t\t\t\t<\/div>\n\t\t<\/div>\n\t\t\t\t\t<\/div>\n\t\t<\/section>\n\t\t\t\t<section class=\"elementor-section elementor-top-section elementor-element elementor-element-e913546 elementor-section-boxed elementor-section-height-default elementor-section-height-default\" data-id=\"e913546\" data-element_type=\"section\" data-e-type=\"section\">\n\t\t\t\t\t\t<div class=\"elementor-container elementor-column-gap-default\">\n\t\t\t\t\t<div class=\"elementor-column elementor-col-100 elementor-top-column elementor-element elementor-element-839ca9f\" data-id=\"839ca9f\" data-element_type=\"column\" data-e-type=\"column\">\n\t\t\t<div class=\"elementor-widget-wrap\">\n\t\t\t\t\t\t\t<\/div>\n\t\t<\/div>\n\t\t\t\t\t<\/div>\n\t\t<\/section>\n\t\t\t\t<section class=\"elementor-section elementor-top-section elementor-element elementor-element-de1e88f elementor-section-boxed elementor-section-height-default elementor-section-height-default\" data-id=\"de1e88f\" data-element_type=\"section\" data-e-type=\"section\">\n\t\t\t\t\t\t<div class=\"elementor-container elementor-column-gap-default\">\n\t\t\t\t\t<div class=\"elementor-column elementor-col-100 elementor-top-column elementor-element elementor-element-c7a429e\" data-id=\"c7a429e\" data-element_type=\"column\" data-e-type=\"column\">\n\t\t\t<div class=\"elementor-widget-wrap elementor-element-populated\">\n\t\t\t\t\t\t<div class=\"elementor-element elementor-element-364d8b8 elementor-widget elementor-widget-html\" data-id=\"364d8b8\" data-element_type=\"widget\" data-e-type=\"widget\" data-widget_type=\"html.default\">\n\t\t\t\t<div class=\"elementor-widget-container\">\n\t\t\t\t\t<p class=\"p1\"><b>Dra. Mar\u00eda Eugenia Olavarr\u00eda<\/b><\/p>\nProfesora Titular C, desde 1986.\n\nNivel SNII: Em\u00e9rita<span class=\"Apple-converted-space\">\u00a0<\/span>\n<p class=\"p1\">ome@xanum.uam.mx<\/p>\n<p class=\"p1\">ORCID: 0000-0001-7649-4690<\/p>\nAcademia.edu <a href=\"https:\/\/izt-uam.academia.edu\/EUGENIAOLAVARRIA\">https:\/\/izt-uam.academia.edu\/EUGENIAOLAVARRIA<\/a><span class=\"Apple-converted-space\">\u00a0<\/span>\n<p class=\"p1\">Investigadora nacional em\u00e9rita.<i>\u00a0<\/i>Etn\u00f3loga por la ENAH y doctora en Ciencias Antropol\u00f3gicas por la UAM. Profesora invitada del Institut des Hautes \u00c9tudes de l\u2019Am\u00e9rique latine, Sorbonne nouvelle Paris 3 (2013 y 2019) y directora de estudios de la Fondation Maison des Sciences de l\u2019Homme (2017).<\/p>\n<p class=\"p1\">Ha desarrollado dos grandes l\u00edneas: la primera (1984-2004) dedicada al estudio del simbolismo, la mitolog\u00eda, las nociones del cuerpo, la persona y la ritualidad de las comunidades yaquis (yoemem) de Sonora y Arizona. La segunda l\u00ednea est\u00e1 dedicada al estudio de los parentescos por elecci\u00f3n, el trabajo reproductivo y los efectos culturales de las biotecnolog\u00edas de la reproducci\u00f3n humana en el contexto de las desigualdades sociales (2000 a la fecha).<\/p>\n<p class=\"p1\">Sus intereses actuales de investigaci\u00f3n abarcan la gestaci\u00f3n por sustituci\u00f3n o gestaci\u00f3n subrogada, la donaci\u00f3n reproductiva, el embri\u00f3n humano criopreservado, la criopreservaci\u00f3n de gametos y, en general, la construcci\u00f3n de los parentescos m\u00e9dicamente asistidos en contextos urbanos de M\u00e9xico.<\/p>\n\n\n\n<strong>Obras destacadas:<\/strong>\n<p class=\"p1\">Es autora del libro\u00a0<i>La gestaci\u00f3n para otros en M\u00e9xico. Parentesco, tecnolog\u00eda y poder <\/i>(Gedisa, 2018). \n<p class=\"p1\"> Acceso abierto:<a href=\"https:\/\/books.openedition.org\/cemca\/4610\">https:\/\/books.openedition.org\/cemca\/4610<\/a><span class=\"Apple-converted-space\"><\/span>\n\n<p class=\"p1\">Publicaciones recientes:<\/p>\n<p class=\"p2\">2024. La gestaci\u00f3n por sustituci\u00f3n en M\u00e9xico: entre el bioparentesco y las xenofamilias. <i>Etnograf\u00edas Contempor\u00e1neas<\/i>, \u00a0a\u00f1o 10, n\u00famero 18, p. 34-52\n<a href=\"https:\/\/revistasacademicas.unsam.edu.ar\/index.php\/etnocontemp\/article\/view\/1677\/3672\">https:\/\/revistasacademicas.unsam.edu.ar\/index.php\/etnocontemp\/article\/view\/1677\/3672<\/a><span class=\"Apple-converted-space\"><\/span>\n\n<p class=\"p1\">2024. Parentescos, reciprocidad y estratificaci\u00f3n en el marco de la reproducci\u00f3n humana m\u00e9dicamente asistida en M\u00e9xico. En Javier Serrano, David Robichaux y Juan Pablo Ferreiro (Compiladores) <i>Parentesco y reciprocidad en Am\u00e9rica Latina: L\u00f3gicas y pr\u00e1cticas culturales<\/i>. 1ra. Edici\u00f3n en espa\u00f1ol. Asociaci\u00f3n Latinoamericana de Antropolog\u00eda, p. 75-85\n<a href=\"https:\/\/asociacionlatinoamericanadeantropologia.net\/portal\/familia-y-parentesco-en-america-latina-practicas-y-logicas-culturales\">https:\/\/asociacionlatinoamericanadeantropologia.net\/portal\/familia-y-parentesco-en-america-latina-practicas-y-logicas-culturales<\/a><span class=\"Apple-converted-space\"><\/span>\n\n\n<p class=\"p1\">2023. Cuerpos en disputa. Discurso y ficci\u00f3n entre personas que gestan para otros. Bodies in Dispute. Discourse and Fiction among Surrogates. <i>Alteridades<\/i>, 66: 47-57 \n<a href=\"https:\/\/alteridades.izt.uam.mx\/index.php\/Alte\/article\/view\/1399\/1446\">https:\/\/alteridades.izt.uam.mx\/index.php\/Alte\/article\/view\/1399\/1446<\/a><span class=\"Apple-converted-space\"><\/span>\n\n<p class=\"p1\">2023. Pensar los cuerpos. <i>Alteridades<\/i>, 66: 3-7 <br><a href=\"https:\/\/alteridades.izt.uam.mx\/index.php\/Alte\/article\/view\/1422\/1448\">https:\/\/alteridades.izt.uam.mx\/index.php\/Alte\/article\/view\/1422\/1448<\/a><span class=\"Apple-converted-space\"><\/span>\n\n<p class=\"p1\">2022. La no regulaci\u00f3n de la gestaci\u00f3n subrogada en M\u00e9xico entre 2018 y 2021 \u00bfLaicismo o evangelismo?, <i>Interdisciplina<\/i> 10, 28: 111-128<br> <a href=\"https:\/\/doi.org\/10.22201\/ceiich.24485705e.2022.28.83292\">https:\/\/doi.org\/10.22201\/ceiich.24485705e.2022.28.83292<\/a><span class=\"Apple-converted-space\"><\/span>\n\n\n<p class=\"p1\">2022. \u00bfDon de vida o mercanc\u00eda? Reflexiones sobre el trabajo reproductivo y el mercado de gametos y de gestaci\u00f3n subrogada en M\u00e9xico.<br>\n<a href=\"http:\/\/www.remineo.org\/repositorio\/memorias\/ciao\/xxciao\/1-vida-simbolica-poder-lenguaje-y-genero\/don-de-vida-o-mercancia-reflexiones-sobre-el-trabajo-reproductivo-y-el-mercado-de-gametos-y-de-gestacion-subrogada-en-mexico\">http:\/\/www.remineo.org\/repositorio\/memorias\/ciao\/xxciao\/1-vida-simbolica-poder-lenguaje-y-genero\/don-de-vida-o-mercancia-reflexiones-sobre-el-trabajo-reproductivo-y-el-mercado-de-gametos-y-de-gestacion-subrogada-en-mexico<\/a>\n\n<p class=\"p1\">2021. Olavarr\u00eda Pati\u00f1o, Mar\u00eda Eugenia y Fran\u00e7oise Lestage, Le Mexique et la Gestation Pour Autrui : De l\u2019influence de la culture et de la politique locale dans le march\u00e9 global.<span class=\"Apple-converted-space\">\u00a0 <\/span>Mexico and Surrogacy : The influence of local culture and politics on the global market <i>Trace<\/i> 79: 9-36 <br>\n<a href\"https:\/\/www.trace.org.mx\/index.php\/trace\/article\/view\/686\">https:\/\/www.trace.org.mx\/index.php\/trace\/article\/view\/686<\/a><span class=\"Apple-converted-space\"><\/span>\n\n\n<p class=\"p1\">2021.\u201cEl duelo de la masculinidad. Varones mexicanos ante el diagn\u00f3stico de infertilidad\u201d, <i>Revista Encuentros Latinoamericanos<\/i> [enclat], Segunda \u00e9poca, vol. V, n.o 2, julio-diciembre, 2021,> issn: 1688-437X<span class=\"Apple-converted-space\">\u00a0 <\/span>p\u00e1gs. 139-156 <span class=\"s1\">\u00a0<\/span><span class=\"\"><br>\n    <a href=\"https:\/\/doi.org\/10.59999\/5.2.1431\">https:\/\/doi.org\/10.59999\/5.2.1431<\/a><\/span><\/p>\n    \n<p class=\"p1\">2020. La gestaci\u00f3n por sustituci\u00f3n a debate en Pilar Benavente M. coordinadora, <i>Mujeres y Derechos. Una discusi\u00f3n jur\u00eddica sobre reproducci\u00f3n, sexualidad y g\u00e9nero<\/i>, Editorial Marcial Pons, Madrid<span class=\"s1\">, <\/span>p\u00e1gs. 135-156 <br>\n<a href=\"https:\/\/www.marcialpons.es\/media\/pdf\/9788491239567.pdf\">https:\/\/www.marcialpons.es\/media\/pdf\/9788491239567.pdf<\/a><span class=\"Apple-converted-space\"><\/span><\/p>\n\n\n<p class=\"p1\"><span class=\"s1\">2019.<\/span> Personas que gestan para otros: Etnograf\u00eda del trabajo reproductivo en M\u00e9xico.\u00a0<i>AIBR, Revista de Antropolog\u00eda Iberoamericana<\/i>, 14 (03): 417-440. DOI:10.11156\/aibr.140304 <span class=\"s1\">\n    <a href=\"https:\/\/aries.aibr.org\/storage\/antropologia\/netesp\/numeros\/1403\/140304.pdf\">https:\/\/aries.aibr.org\/storage\/antropologia\/netesp\/numeros\/1403\/140304.pdf<\/a><span class=\"Apple-converted-space\"><\/span><\/p>\n    \n<p class=\"p4\">2019. La gestaci\u00f3n para otros en M\u00e9xico:\u00a0diversidad, homoparentalidad y exclusi\u00f3n,\u00a0<i>Cahiers des Am\u00e9riques latines<\/i>\u00a0[En l\u00ednea], 88-89 <br>\n<a href=\"http:\/\/journals.openedition.org\/cal\/8899\u00a0; DOI\u00a0: 10.4000\/cal.8899\">http:\/\/journals.openedition.org\/cal\/8899\u00a0; DOI\u00a0: 10.4000\/cal.8899<\/a><\/p><span><\/span class=\"Apple-converted-space\"\n\n<p class=\"p1\">2019. Olavarr\u00eda Pati\u00f1o, M.E. (2019): \u00bfBeb\u00e9s o tejidos celulares? Individuaci\u00f3n y parentesco del M\u00e9xico., <i>Pol\u00edtica y Sociedad<\/i>, 56(2), pp. 405-430. <br>\n<a href=\"https:\/\/revistas.ucm.es\/index.php\/POSO\/article\/view\/60715\">https:\/\/revistas.ucm.es\/index.php\/POSO\/article\/view\/60715<\/a><span class=\"Apple-converted-space\"\n\n    <p class=\"p1\"><\/p><strong>Rese\u00f1as:<\/strong>\n<p class=\"p1\">2023. Todxs somos subrogadxs. Rese\u00f1a de: Lewis, Sophie 2019. Full Surrogacy Now: Feminism Against Family, Verso, Kindle edition DEBATE FEMINISTA 66 (2023), pp. 1-10 A\u00f1o 33, vol. 66 \/ julio-diciembre de 2023\n<span class=\"Apple-converted-space\">\u00a0 <\/span> <br>\n<a href=\"https:\/\/debatefeminista.cieg.unam.mx\/index.php\/debate_feminista\/article\/view\/2369\">https:\/\/debatefeminista.cieg.unam.mx\/index.php\/debate_feminista\/article\/view\/2369<\/a><span class=\"Apple-converted-space\"<br>\n    \n<p class=\"p1\">2022. L\u00e9vi-Strauss, Claude. 2019. Anthropologie structurale z\u00e9ro, pr\u00e9fac\u00e9 et \u00e9dit\u00e9 par Vincent Debaene, Editions du Seuil. <i>MANA <\/i>28(1): 1-4, 2022 <br>\n<a href=\"http:\/\/doi.org\/10.1590\/1678-49442022v28n1r901\">http:\/\/doi.org\/10.1590\/1678-49442022v28n1r901<\/a><\/p><span class=\"Apple-converted-space\"\n\n<p class=\"p1\">2021. Rese\u00f1a de: Rivas Rivas, Ana Mar\u00eda, Consuelo \u00c1lvarez Plaza (eds.) Etnograf\u00eda de los mercados reproductivos: actores, instituciones y legislaciones, Tirant Lo Blanch, Valencia, 2020, en <i>Antropolog\u00eda Americana<\/i>, vol. 6, n\u00fam. 11: 183-187 <br>\n<a href=\"https:\/\/revistasipgh.org\/index.php\/anam\/article\/view\/1045\/1774\">https:\/\/revistasipgh.org\/index.php\/anam\/article\/view\/1045\/1774<\/a><\/p><span class=\"Apple-converted-space\"\n\n\n<p class=\"p1\"><\/p><strong>Videos:<\/strong> <br>\n<p class=\"p1\"><a href=\"https:\/\/www.youtube.com\/watch?v=m2A87MvyJHI\">https:\/\/www.youtube.com\/watch?v=m2A87MvyJHI<\/a><\/p><span class=\"Apple-converted-space\"\n\n<p class=\"p1\"><a href=\"https:\/\/www.facebook.com\/RieFamiliayParentesco\/videos\/conferencia-con-mar%C3%ADa-eugenia-olavarr%C3%ADa\/413149387054522\">https:\/\/www.facebook.com\/RieFamiliayParentesco\/videos\/conferencia-con-mar%C3%ADa-eugenia-olavarr%C3%ADa\/413149387054522<\/a>\/<\/p><span class=\"Apple-converted-space\n\"<\n<p class=\"p1\"><a href=\"https:\/\/www.youtube.com\/watch?v=rz2T5ar7D5k\">https:\/\/www.youtube.com\/watch?v=rz2T5ar7D5k<\/a><\/p><span class=\"Apple-converted-space\"\n\n<p class=\"p1\"><a href=\"https:\/\/www.youtube.com\/watch?v=QYHV3Jf1FxU\">https:\/\/www.youtube.com\/watch?v=QYHV3Jf1FxU<\/a><\/p><span class=\"Apple-converted-space\"\n\n<p class=\"p1\"><a href=\"https:\/\/www.youtube.com\/watch?app=desktop&amp;v=zl9SM6spjzQ\">https:\/\/www.youtube.com\/watch?app=desktop&amp;v=zl9SM6spjzQ<\/a><\/p><span class=\"Apple-converted-space\"\n\n<p class=\"p1\"><strong>Enlaces destacados:<\/strong><\/p>\n\n<p class=\"p1\"><a href=\"https:\/\/scholar.google.com\/citations?view_op=list_works&amp;hl=es&amp;hl=es&amp;user=H_YoaJQAAAAJ\">https:\/\/scholar.google.com\/citations?view_op=list_works&amp;hl=es&amp;hl=es&amp;user=H_YoaJQAAAAJ<\/a><\/p><span class=\"Apple-converted-space\"\n\n<p class=\"p1\"><a href=\"https:\/\/izt-uam.academia.edu\/EUGENIAOLAVARRIA\">https:\/\/izt-uam.academia.edu\/EUGENIAOLAVARRIA<\/a><\/p><span class=\"Apple-converted-space\"\n\n<p class=\"p1\"><a href=\"https:\/\/antropowiki.alterum.info\/index.php\/Mar%C3%ADa_Eugenia_Olavarr%C3%ADa\">https:\/\/antropowiki.alterum.info\/index.php\/Mar%C3%ADa_Eugenia_Olavarr%C3%ADa<\/a><\/p><span class=\"Apple-converted-space\"\n<p class=\"p1\"><a href=\"https:\/\/www.amazon.com\/Books-Maria-Eugenia-Olavarria\/s?rh=n%3A283155%2Cp_27%3AMaria+Eugenia+Olavarria\">https:\/\/www.amazon.com\/Books-Maria-Eugenia-Olavarria\/s?rh=n%3A283155%2Cp_27%3AMaria+Eugenia+Olavarria<\/a><\/p><span class=\"Apple-converted-space\"\n<p class=\"p1\"><a href=\"https:\/\/www.designisfels.net\/publicacion\/i16-cuerpos-sexos-sentidos-semiosis\">https:\/\/www.designisfels.net\/publicacion\/i16-cuerpos-sexos-sentidos-semiosis<\/a><\/p><span class=\"Apple-converted-space\"\n\n\n\t\t\t\t<\/div>\n\t\t\t\t<\/div>\n\t\t\t\t\t<\/div>\n\t\t<\/div>\n\t\t\t\t\t<\/div>\n\t\t<\/section>\n\t\t\t\t<\/div>\n\t\t","protected":false},"excerpt":{"rendered":"<p>Dra. Mar\u00eda Eugenia Olavarr\u00eda Profesora Titular C, desde 1986. Nivel SNII: Em\u00e9rita\u00a0 ome@xanum.uam.mx ORCID: 0000-0001-7649-4690 Academia.edu https:\/\/izt-uam.academia.edu\/EUGENIAOLAVARRIA\u00a0 Investigadora nacional em\u00e9rita.\u00a0Etn\u00f3loga por la ENAH y doctora en Ciencias Antropol\u00f3gicas por la UAM. Profesora invitada del Institut des Hautes \u00c9tudes de l\u2019Am\u00e9rique latine, Sorbonne nouvelle Paris 3 (2013 y 2019) y directora de estudios de la Fondation [&hellip;]<\/p>\n","protected":false},"author":23,"featured_media":0,"parent":815,"menu_order":0,"comment_status":"closed","ping_status":"closed","template":"","meta":{"footnotes":""},"class_list":["post-900","page","type-page","status-publish","hentry"],"blocksy_meta":{"styles_descriptor":{"styles":{"desktop":"","tablet":"","mobile":""},"google_fonts":[],"version":7}},"_links":{"self":[{"href":"https:\/\/divcsh.izt.uam.mx\/depto_antropologia\/index.php?rest_route=\/wp\/v2\/pages\/900","targetHints":{"allow":["GET"]}}],"collection":[{"href":"https:\/\/divcsh.izt.uam.mx\/depto_antropologia\/index.php?rest_route=\/wp\/v2\/pages"}],"about":[{"href":"https:\/\/divcsh.izt.uam.mx\/depto_antropologia\/index.php?rest_route=\/wp\/v2\/types\/page"}],"author":[{"embeddable":true,"href":"https:\/\/divcsh.izt.uam.mx\/depto_antropologia\/index.php?rest_route=\/wp\/v2\/users\/23"}],"replies":[{"embeddable":true,"href":"https:\/\/divcsh.izt.uam.mx\/depto_antropologia\/index.php?rest_route=%2Fwp%2Fv2%2Fcomments&post=900"}],"version-history":[{"count":0,"href":"https:\/\/divcsh.izt.uam.mx\/depto_antropologia\/index.php?rest_route=\/wp\/v2\/pages\/900\/revisions"}],"up":[{"embeddable":true,"href":"https:\/\/divcsh.izt.uam.mx\/depto_antropologia\/index.php?rest_route=\/wp\/v2\/pages\/815"}],"wp:attachment":[{"href":"https:\/\/divcsh.izt.uam.mx\/depto_antropologia\/index.php?rest_route=%2Fwp%2Fv2%2Fmedia&parent=900"}],"curies":[{"name":"wp","href":"https:\/\/api.w.org\/{rel}","templated":true}]}}